{"version":"1.0","provider_name":"Emke","provider_url":"https:\/\/emke.cafeblog.hu","author_name":"Emke","author_url":"https:\/\/emke.cafeblog.hu\/author\/valentinecitromail-hu\/","title":"Receptf\u00fczet","html":"<p>M\u00e1r r\u00e9g\u00f3ta aktu\u00e1lis volt, hogy a receptjeimet rendbe szedjem. A rohan\u00f3 h\u00e9tk\u00f6znapokban hajlamos voltam az egy-egy pap\u00edrfecnire felfirkantott, ismer\u0151s\u00f6kt\u0151l kapott receptjeimet csak beledob\u00e1lni egy f\u00fczetbe. Persze, amikor el\u0151 akartam keresni valamit, vagy nem tal\u00e1ltam, vagy kihullott az \u00f6sszes pap\u00edrlap. \u00a0Ilyenkor fogadtam meg, hogy amint id\u0151m lesz, rendbe teszem \u0151ket. De ahogy lenni szokott, ez is csak halaszt\u00f3dott: vagy nem tal\u00e1ltam megfelel\u0151 f\u00fczetet, vagy csak id\u0151m nem volt ilyesmire. Most r\u00e1sz\u00e1ntam magam \u00e9s kezembe vettem a dolgokat. K\u00e9sz\u00edtettem egy saj\u00e1t receptes f\u00fczetet.<\/p>\r\n<p style=\"text-align: center\"><strong>Hozz\u00e1val\u00f3k: <\/strong><\/p>\r\n<address style=\"text-align: center\">Sz\u00ednes kartonok, legyen h\u00e1romf\u00e9le.<\/address><address style=\"text-align: center\">Szalag, vagy b\u00e1rmilyen c\u00e9rna, madzag.<\/address><address style=\"text-align: center\">Ragaszt\u00f3, amilyen k\u00e9zn\u00e9l van.<\/address><address style=\"text-align: center\">Oll\u00f3, vonalz\u00f3, ceruza.<\/address><address style=\"text-align: center\">Hull\u00e1mv\u00e1g\u00f3 oll\u00f3.<\/address><address style=\"text-align: center\">\u00a0<\/address>\r\n<p><a href=\"https:\/\/emke.cafeblog.hu\/files\/2014\/12\/P1030399.jpg\"><img class=\"aligncenter wp-image-884\" src=\"https:\/\/emke.cafeblog.hu\/files\/2014\/12\/page3-300x300.jpg\" alt=\"page\" width=\"450\" height=\"450\" \/><\/a><\/p>\r\n<p style=\"text-align: center\"><strong>Elk\u00e9sz\u00edt\u00e9s:<\/strong><\/p>\r\n<p>F\u00fczetlapokat m\u00e9retre v\u00e1gtam, majd lyukaszt\u00f3val kilyukasztottam \u0151ket. (Lyukasztott f\u00fczetlapok k\u00e9szen is kaphat\u00f3k, t\u00f6bb sz\u00ednben is.) M\u00e9retre v\u00e1gtam a sz\u00fcks\u00e9ges kartonlapokat. A s\u00f6t\u00e9tk\u00e9k karton lett az alapom, ami ugyanakkora m\u00e9ret\u0171, mint a f\u00fczetlapok. Erre ker\u00fclt a d\u00edsz\u00edt\u00e9s a m\u00e1sik k\u00e9t kartonnal. El\u0151sz\u00f6r a kock\u00e1s kartont ragasztottam fel, a k\u00e9nyelmi szempontot szem el\u0151tt tartva, k\u00e9toldalas ragaszt\u00f3val. Majd k\u00f6vetkezett a z\u00f6ld vir\u00e1gos karton, aminek a sz\u00e9leit hull\u00e1mv\u00e1g\u00f3 oll\u00f3val mint\u00e1ztam.\u00a0 Ezt is r\u00e1ragasztottam a kartonra \u00fagy, hogy a sz\u00e9l\u00e9n egy kis r\u00e9szt szabadon hagytam. Ezt megcsin\u00e1ltam m\u00e9g egy p\u00e9ld\u00e1nyban, hogy a h\u00e1toldal is ilyen legyen, majd a k\u00e9t bor\u00edt\u00f3lapot pontosan ott lyukasztottam ki, ahol a f\u00fczetlapokat. Marad\u00e9k kartonb\u00f3l a c\u00edmke al\u00e1 d\u00edsz\u00edt\u00e9st csin\u00e1ltam, hogy a feh\u00e9r c\u00edmk\u00e9m jobban \u00e9rv\u00e9nyes\u00fclj\u00f6n. A feh\u00e9r c\u00edmk\u00e9t szint\u00e9n hull\u00e1mv\u00e1g\u00f3 oll\u00f3val mint\u00e1ztam \u00e9s 3D ragaszt\u00f3 p\u00e1rn\u00e1val r\u00f6gz\u00edtettem. V\u00e9g\u00fcl \u00f6ssze\u00e1ll\u00edtottam a f\u00fczetet. Szalaggal, c\u00e9rn\u00e1val, vagy kender madzaggal, ami \u00e9ppen szimpatikus.<\/p>\r\n<p style=\"text-align: center\">V\u00e9g\u00fcl a kendermadzag mellett d\u00f6nt\u00f6ttem.<\/p>\r\n<p style=\"text-align: center\"><a href=\"https:\/\/emke.cafeblog.hu\/files\/2014\/12\/P1030399.jpg\"><img class=\"aligncenter wp-image-885 size-full\" src=\"https:\/\/emke.cafeblog.hu\/files\/2014\/12\/P1030399.jpg\" alt=\"P1030399\" width=\"450\" height=\"600\" \/><\/a><\/p>\r\n<p style=\"text-align: center\"><strong>Hasonl\u00f3 munk\u00e1im:<\/strong><\/p>\r\n<p style=\"text-align: center\"><a href=\"https:\/\/emke.cafeblog.hu\/2014\/11\/03\/259\/\">Vid\u00e1m f\u00fczet<\/a><\/p>\r\n<p style=\"text-align: center\"><a href=\"https:\/\/emke.cafeblog.hu\/2014\/10\/22\/jegyzettomb-keszitese\/\">Jegyzett\u00f6mb<\/a><\/p>\r\n<p style=\"text-align: center\">\u00a0<em>K\u00f6sz\u00f6n\u00f6m, hogy elolvastad a bejegyz\u00e9semet. Ha tetszett, k\u00e9rlek oszd meg, hogy m\u00e1sok is l\u00e1thass\u00e1k.<\/em><\/p>\r\n<p>&nbsp;<\/p>","type":"rich","thumbnail_url":"https:\/\/emke.cafeblog.hu\/files\/2014\/12\/P1030399-150x150.jpg","thumbnail_width":150,"thumbnail_height":150}